{"id":384,"date":"2021-04-27T15:14:46","date_gmt":"2021-04-27T13:14:46","guid":{"rendered":"https:\/\/www.dureuil-janthial.fr\/?page_id=384"},"modified":"2024-03-22T17:09:24","modified_gmt":"2024-03-22T16:09:24","slug":"medias","status":"publish","type":"page","link":"https:\/\/www.dureuil-janthial.fr\/en\/medias\/","title":{"rendered":"Press"},"content":{"rendered":"<div class=\"wpb-content-wrapper\"><div class=\"vc_row wpb_row vc_row-fluid\"><div class=\"wpb_column vc_column_container vc_col-sm-12\"><div class=\"vc_column-inner\"><div class=\"wpb_wrapper\">\n<div class=\"vc_grid-container-wrapper vc_clearfix vc_grid-animation-fadeIn\">\n\t<div class=\"vc_grid-container vc_clearfix wpb_content_element vc_basic_grid\" data-initial-loading-animation=\"fadeIn\" data-vc-grid-settings=\"{&quot;page_id&quot;:384,&quot;style&quot;:&quot;all&quot;,&quot;action&quot;:&quot;vc_get_vc_grid_data&quot;,&quot;shortcode_id&quot;:&quot;1711123450171-b6b4ea907d9c92e26c5637a687a63582-6&quot;,&quot;tag&quot;:&quot;vc_basic_grid&quot;}\" data-vc-request=\"https:\/\/www.dureuil-janthial.fr\/wp-admin\/admin-ajax.php\" data-vc-post-id=\"384\" data-vc-public-nonce=\"a5c1681650\">\n\t\t<style data-type=\"vc_shortcodes-custom-css\">.vc_custom_1619529505768{background-color: #ffffff !important;}<\/style><div class=\"vc_grid vc_row vc_grid-gutter-30px vc_pageable-wrapper vc_hook_hover\" data-vc-pageable-content=\"true\"><div class=\"vc_pageable-slide-wrapper vc_clearfix\" data-vc-grid-content=\"true\"><div class=\"vc_grid-item vc_clearfix vc_col-sm-4 vc_grid-item-zone-c-bottom\"><div class=\"vc_grid-item-mini vc_clearfix\"><div class=\"vc_gitem-animated-block\" ><div class=\"vc_gitem-zone vc_gitem-zone-a vc-gitem-zone-height-mode-auto vc-gitem-zone-height-mode-auto-1-1 vc_gitem-is-link\" style=\"background-image: url('https:\/\/www.dureuil-janthial.fr\/wp-content\/uploads\/2024\/03\/Capture-d\u2019e\u0301cran-2024-03-22-a\u0300-16.35.23-753x1024.png') !important;\"><a href=\"https:\/\/www.dureuil-janthial.fr\/en\/le-guide-des-vins-bettane-desseauve-2024\/\" title=\"Le guide des vins Bettane + Desseauve, 2024\" class=\"vc_gitem-link vc-zone-link\" ><\/a><img decoding=\"async\" class=\"vc_gitem-zone-img\" src=\"https:\/\/www.dureuil-janthial.fr\/wp-content\/uploads\/2024\/03\/Capture-d\u2019e\u0301cran-2024-03-22-a\u0300-16.35.23-753x1024.png\" alt=\"Le guide des vins Bettane + Desseauve, 2024\" loading=\"lazy\"><div class=\"vc_gitem-zone-mini\"><\/div><\/div><\/div><div class=\"vc_gitem-zone vc_gitem-zone-c vc_custom_1619529505768\"><div class=\"vc_gitem-zone-mini\"><div class=\"vc_gitem_row vc_row vc_gitem-row-position-top\"><div class=\"vc_col-sm-12 vc_gitem-col vc_gitem-col-align-\"><div class=\"vc_empty_space\"   style=\"height: 10px\"><span class=\"vc_empty_space_inner\"><\/span><\/div><div class=\"vc_custom_heading vc_gitem-post-data vc_gitem-post-data-source-post_title\" ><h4 style=\"text-align: left\" >Le guide des vins Bettane + Desseauve, 2024<\/h4><\/div><div class=\"vc_custom_heading vc_gitem-post-data vc_gitem-post-data-source-post_excerpt\" ><p style=\"text-align: left\" ><p>4 \u00e9toiles **** Vincent Dureuil est la r\u00e9f\u00e9rence supr\u00eame de l\u2019appellation rully et de la c\u00f4te chalonnaise. Avec son \u00e9pouse et beaucoup de modestie et de rigueur, il m\u00e8ne remarquablement et minutieusement son vignoble de 20 hectares qui d\u00e9cline 23 cuv\u00e9es r\u00e9parties principalement sur Rully mais \u00e9galement sur Puligny et Nuits-Saint-Georges. Nous avons \u00e9t\u00e9 conquis [&hellip;]<\/p>\n<\/p><\/div><style>.vc_btn3-style-gradient-custom.vc_btn-gradient-btn-69f51b5c30898:hover{color: #ffffff;background-color: #f7a028;border: none;background-position: 100% 0;}<\/style><style>.vc_btn3-style-gradient-custom.vc_btn-gradient-btn-69f51b5c30898{color: #ffffff;border: none;background-color: #f7a028;background-image: -webkit-linear-gradient(left, #f7a028 0%, #f7a028 50%,#f7a028 100%);background-image: linear-gradient(to right, #f7a028 0%, #f7a028 50%,#f7a028 100%);-webkit-transition: all .2s ease-in-out;transition: all .2s ease-in-out;background-size: 200% 100%;}<\/style><div class=\"vc_btn3-container vc_btn3-left\"><a data-vc-gradient-1=\"#f7a028\" data-vc-gradient-2=\"#f7a028\" class=\"vc_general vc_btn3 vc_btn3-size-xs vc_btn3-shape-square vc_btn3-style-gradient-custom vc_btn-gradient-btn-69f51b5c30898\" a href=\"https:\/\/www.dureuil-janthial.fr\/en\/le-guide-des-vins-bettane-desseauve-2024\/\" title=\"Lire la suite\">Lire la suite<\/a><\/div><\/div><\/div><\/div><\/div><\/div><div class=\"vc_clearfix\"><\/div><\/div><div class=\"vc_grid-item vc_clearfix vc_col-sm-4 vc_grid-item-zone-c-bottom\"><div class=\"vc_grid-item-mini vc_clearfix\"><div class=\"vc_gitem-animated-block\" ><div class=\"vc_gitem-zone vc_gitem-zone-a vc-gitem-zone-height-mode-auto vc-gitem-zone-height-mode-auto-1-1 vc_gitem-is-link\" style=\"background-image: url('https:\/\/www.dureuil-janthial.fr\/wp-content\/uploads\/2024\/03\/Capture-d\u2019e\u0301cran-2024-03-22-a\u0300-16.34.38-573x1024.png') !important;\"><a href=\"https:\/\/www.dureuil-janthial.fr\/en\/le-guide-des-meilleurs-vins-de-france-la-revue-du-vin-de-france-2024\/\" title=\"Le guide des meilleurs vins de France, La Revue du Vin de France, 2024\" class=\"vc_gitem-link vc-zone-link\" ><\/a><img decoding=\"async\" class=\"vc_gitem-zone-img\" src=\"https:\/\/www.dureuil-janthial.fr\/wp-content\/uploads\/2024\/03\/Capture-d\u2019e\u0301cran-2024-03-22-a\u0300-16.34.38-573x1024.png\" alt=\"Le guide des meilleurs vins de France, La Revue du Vin de France, 2024\" loading=\"lazy\"><div class=\"vc_gitem-zone-mini\"><\/div><\/div><\/div><div class=\"vc_gitem-zone vc_gitem-zone-c vc_custom_1619529505768\"><div class=\"vc_gitem-zone-mini\"><div class=\"vc_gitem_row vc_row vc_gitem-row-position-top\"><div class=\"vc_col-sm-12 vc_gitem-col vc_gitem-col-align-\"><div class=\"vc_empty_space\"   style=\"height: 10px\"><span class=\"vc_empty_space_inner\"><\/span><\/div><div class=\"vc_custom_heading vc_gitem-post-data vc_gitem-post-data-source-post_title\" ><h4 style=\"text-align: left\" >Le guide des meilleurs vins de France, La Revue du Vin de France, 2024<\/h4><\/div><div class=\"vc_custom_heading vc_gitem-post-data vc_gitem-post-data-source-post_excerpt\" ><p style=\"text-align: left\" ><p>C\u00e9line et Vincent Dureuil ont repris en 1994 le domaine familial, principalement sur Rully mais aussi Mercurey, puis \u00e0 Puligny-Montrachet et Nuits-Saint-Georges. Tous les vins sont vinifi\u00e9s avec la m\u00eame exigence et une m\u00e9ticulosit\u00e9 que l\u2019on retrouve dans peu de domaines. Le couple, partisan d\u2019une viticulture saine, a \u00e9t\u00e9 certifi\u00e9 bio de 2009 \u00e0 2016. [&hellip;]<\/p>\n<\/p><\/div><style>.vc_btn3-style-gradient-custom.vc_btn-gradient-btn-69f51b5c30c2a:hover{color: #ffffff;background-color: #f7a028;border: none;background-position: 100% 0;}<\/style><style>.vc_btn3-style-gradient-custom.vc_btn-gradient-btn-69f51b5c30c2a{color: #ffffff;border: none;background-color: #f7a028;background-image: -webkit-linear-gradient(left, #f7a028 0%, #f7a028 50%,#f7a028 100%);background-image: linear-gradient(to right, #f7a028 0%, #f7a028 50%,#f7a028 100%);-webkit-transition: all .2s ease-in-out;transition: all .2s ease-in-out;background-size: 200% 100%;}<\/style><div class=\"vc_btn3-container vc_btn3-left\"><a data-vc-gradient-1=\"#f7a028\" data-vc-gradient-2=\"#f7a028\" class=\"vc_general vc_btn3 vc_btn3-size-xs vc_btn3-shape-square vc_btn3-style-gradient-custom vc_btn-gradient-btn-69f51b5c30c2a\" a href=\"https:\/\/www.dureuil-janthial.fr\/en\/le-guide-des-meilleurs-vins-de-france-la-revue-du-vin-de-france-2024\/\" title=\"Lire la suite\">Lire la suite<\/a><\/div><\/div><\/div><\/div><\/div><\/div><div class=\"vc_clearfix\"><\/div><\/div><div class=\"vc_grid-item vc_clearfix vc_col-sm-4 vc_grid-item-zone-c-bottom\"><div class=\"vc_grid-item-mini vc_clearfix\"><div class=\"vc_gitem-animated-block\" ><div class=\"vc_gitem-zone vc_gitem-zone-a vc-gitem-zone-height-mode-auto vc-gitem-zone-height-mode-auto-1-1 vc_gitem-is-link\" style=\"background-image: url('https:\/\/www.dureuil-janthial.fr\/wp-content\/uploads\/2022\/02\/utf-8Capture20dE28099eCC81cran2020222D022D0920aCC802011.54.07.png') !important;\"><a href=\"https:\/\/www.dureuil-janthial.fr\/en\/les-echos-14-janvier-2022-jean-francis-pecresse\/\" title=\"Les Echos, 14 janvier 2022, Jean-Francis P\u00e9cresse\" class=\"vc_gitem-link vc-zone-link\" ><\/a><img decoding=\"async\" class=\"vc_gitem-zone-img\" src=\"https:\/\/www.dureuil-janthial.fr\/wp-content\/uploads\/2022\/02\/utf-8Capture20dE28099eCC81cran2020222D022D0920aCC802011.54.07.png\" alt=\"Les Echos, 14 janvier 2022, Jean-Francis P\u00e9cresse\" loading=\"lazy\"><div class=\"vc_gitem-zone-mini\"><\/div><\/div><\/div><div class=\"vc_gitem-zone vc_gitem-zone-c vc_custom_1619529505768\"><div class=\"vc_gitem-zone-mini\"><div class=\"vc_gitem_row vc_row vc_gitem-row-position-top\"><div class=\"vc_col-sm-12 vc_gitem-col vc_gitem-col-align-\"><div class=\"vc_empty_space\"   style=\"height: 10px\"><span class=\"vc_empty_space_inner\"><\/span><\/div><div class=\"vc_custom_heading vc_gitem-post-data vc_gitem-post-data-source-post_title\" ><h4 style=\"text-align: left\" >Les Echos, 14 janvier 2022, Jean-Francis P\u00e9cresse<\/h4><\/div><div class=\"vc_custom_heading vc_gitem-post-data vc_gitem-post-data-source-post_excerpt\" ><p style=\"text-align: left\" ><p>Vincent et C\u00e9line Dureuil forment l&rsquo;un des couples de vignerons les plus en vue de la C\u00f4te chalonnaise, forts de leurs vins vibrants d&rsquo;une \u00e9nergie intense. &gt; Lire l\u2019article<\/p>\n<\/p><\/div><style>.vc_btn3-style-gradient-custom.vc_btn-gradient-btn-69f51b5c30f58:hover{color: #ffffff;background-color: #f7a028;border: none;background-position: 100% 0;}<\/style><style>.vc_btn3-style-gradient-custom.vc_btn-gradient-btn-69f51b5c30f58{color: #ffffff;border: none;background-color: #f7a028;background-image: -webkit-linear-gradient(left, #f7a028 0%, #f7a028 50%,#f7a028 100%);background-image: linear-gradient(to right, #f7a028 0%, #f7a028 50%,#f7a028 100%);-webkit-transition: all .2s ease-in-out;transition: all .2s ease-in-out;background-size: 200% 100%;}<\/style><div class=\"vc_btn3-container vc_btn3-left\"><a data-vc-gradient-1=\"#f7a028\" data-vc-gradient-2=\"#f7a028\" class=\"vc_general vc_btn3 vc_btn3-size-xs vc_btn3-shape-square vc_btn3-style-gradient-custom vc_btn-gradient-btn-69f51b5c30f58\" a href=\"https:\/\/www.dureuil-janthial.fr\/en\/les-echos-14-janvier-2022-jean-francis-pecresse\/\" title=\"Lire la suite\">Lire la suite<\/a><\/div><\/div><\/div><\/div><\/div><\/div><div class=\"vc_clearfix\"><\/div><\/div><div class=\"vc_grid-item vc_clearfix vc_col-sm-4 vc_grid-item-zone-c-bottom\"><div class=\"vc_grid-item-mini vc_clearfix\"><div class=\"vc_gitem-animated-block\" ><div class=\"vc_gitem-zone vc_gitem-zone-a vc-gitem-zone-height-mode-auto vc-gitem-zone-height-mode-auto-1-1 vc_gitem-is-link\" style=\"background-image: url('https:\/\/www.dureuil-janthial.fr\/wp-content\/uploads\/2019\/01\/dureuil-1024x698.jpg') !important;\"><a href=\"https:\/\/www.dureuil-janthial.fr\/en\/grands-prix-de-la-rvf-2019\/\" title=\"Grands Prix de la RVF 2019\" class=\"vc_gitem-link vc-zone-link\" ><\/a><img decoding=\"async\" class=\"vc_gitem-zone-img\" src=\"https:\/\/www.dureuil-janthial.fr\/wp-content\/uploads\/2019\/01\/dureuil-1024x698.jpg\" alt=\"Vigneron de l'ann\u00e9e 2019D\u00e9couvrir les autres prix&nbsp;&nbsp;\" loading=\"lazy\"><div class=\"vc_gitem-zone-mini\"><\/div><\/div><\/div><div class=\"vc_gitem-zone vc_gitem-zone-c vc_custom_1619529505768\"><div class=\"vc_gitem-zone-mini\"><div class=\"vc_gitem_row vc_row vc_gitem-row-position-top\"><div class=\"vc_col-sm-12 vc_gitem-col vc_gitem-col-align-\"><div class=\"vc_empty_space\"   style=\"height: 10px\"><span class=\"vc_empty_space_inner\"><\/span><\/div><div class=\"vc_custom_heading vc_gitem-post-data vc_gitem-post-data-source-post_title\" ><h4 style=\"text-align: left\" >Grands Prix de la RVF 2019<\/h4><\/div><div class=\"vc_custom_heading vc_gitem-post-data vc_gitem-post-data-source-post_excerpt\" ><p style=\"text-align: left\" ><p>Vigneron de l&rsquo;ann\u00e9e 2019<\/p>\n<p><a href=\"https:\/\/www.larvf.com\/grands-prix-de-la-rvf-2019-les-photos-de-la-soiree,4607324.asp\" target=\"_blank\" rel=\"noopener\">D\u00e9couvrir les autres prix<\/a><\/p>\n<p>&nbsp;<\/p>\n<p>&nbsp;<\/p>\n<\/p><\/div><style>.vc_btn3-style-gradient-custom.vc_btn-gradient-btn-69f51b5c311ff:hover{color: #ffffff;background-color: #f7a028;border: none;background-position: 100% 0;}<\/style><style>.vc_btn3-style-gradient-custom.vc_btn-gradient-btn-69f51b5c311ff{color: #ffffff;border: none;background-color: #f7a028;background-image: -webkit-linear-gradient(left, #f7a028 0%, #f7a028 50%,#f7a028 100%);background-image: linear-gradient(to right, #f7a028 0%, #f7a028 50%,#f7a028 100%);-webkit-transition: all .2s ease-in-out;transition: all .2s ease-in-out;background-size: 200% 100%;}<\/style><div class=\"vc_btn3-container vc_btn3-left\"><a data-vc-gradient-1=\"#f7a028\" data-vc-gradient-2=\"#f7a028\" class=\"vc_general vc_btn3 vc_btn3-size-xs vc_btn3-shape-square vc_btn3-style-gradient-custom vc_btn-gradient-btn-69f51b5c311ff\" a href=\"https:\/\/www.dureuil-janthial.fr\/en\/grands-prix-de-la-rvf-2019\/\" title=\"Lire la suite\">Lire la suite<\/a><\/div><\/div><\/div><\/div><\/div><\/div><div class=\"vc_clearfix\"><\/div><\/div><div class=\"vc_grid-item vc_clearfix vc_col-sm-4 vc_grid-item-zone-c-bottom\"><div class=\"vc_grid-item-mini vc_clearfix\"><div class=\"vc_gitem-animated-block\" ><div class=\"vc_gitem-zone vc_gitem-zone-a vc-gitem-zone-height-mode-auto vc-gitem-zone-height-mode-auto-1-1 vc_gitem-is-link\" style=\"background-image: url('https:\/\/www.dureuil-janthial.fr\/wp-content\/uploads\/2018\/11\/vigneronprintemps2018.jpg') !important;\"><a href=\"https:\/\/www.dureuil-janthial.fr\/en\/bonjour-tout-le-monde\/\" title=\"Vigneron, N\u00b032, printemps 2018\" class=\"vc_gitem-link vc-zone-link\" ><\/a><img decoding=\"async\" class=\"vc_gitem-zone-img\" src=\"https:\/\/www.dureuil-janthial.fr\/wp-content\/uploads\/2018\/11\/vigneronprintemps2018.jpg\" alt=\"Vigneron, N\u00b032, printemps 2018\" loading=\"lazy\"><div class=\"vc_gitem-zone-mini\"><\/div><\/div><\/div><div class=\"vc_gitem-zone vc_gitem-zone-c vc_custom_1619529505768\"><div class=\"vc_gitem-zone-mini\"><div class=\"vc_gitem_row vc_row vc_gitem-row-position-top\"><div class=\"vc_col-sm-12 vc_gitem-col vc_gitem-col-align-\"><div class=\"vc_empty_space\"   style=\"height: 10px\"><span class=\"vc_empty_space_inner\"><\/span><\/div><div class=\"vc_custom_heading vc_gitem-post-data vc_gitem-post-data-source-post_title\" ><h4 style=\"text-align: left\" >Vigneron, N\u00b032, printemps 2018<\/h4><\/div><div class=\"vc_custom_heading vc_gitem-post-data vc_gitem-post-data-source-post_excerpt\" ><p style=\"text-align: left\" ><p>La star de Rully. Rien n\u2019est ais\u00e9, et surtout pas l\u2019\u00e9vidence de l\u2019\u00e9pure. Alors Vincent Dureuil met son c\u0153ur, sa foi et ses nerfs dans son art et ses vins. Du coup, ses parcelles de la C\u00f4te chalonnaise expriment la noblesse des appellations voisines plus prestigieuses et ses rullys r\u00e9galent les amateurs sur les plus [&hellip;]<\/p>\n<\/p><\/div><style>.vc_btn3-style-gradient-custom.vc_btn-gradient-btn-69f51b5c31521:hover{color: #ffffff;background-color: #f7a028;border: none;background-position: 100% 0;}<\/style><style>.vc_btn3-style-gradient-custom.vc_btn-gradient-btn-69f51b5c31521{color: #ffffff;border: none;background-color: #f7a028;background-image: -webkit-linear-gradient(left, #f7a028 0%, #f7a028 50%,#f7a028 100%);background-image: linear-gradient(to right, #f7a028 0%, #f7a028 50%,#f7a028 100%);-webkit-transition: all .2s ease-in-out;transition: all .2s ease-in-out;background-size: 200% 100%;}<\/style><div class=\"vc_btn3-container vc_btn3-left\"><a data-vc-gradient-1=\"#f7a028\" data-vc-gradient-2=\"#f7a028\" class=\"vc_general vc_btn3 vc_btn3-size-xs vc_btn3-shape-square vc_btn3-style-gradient-custom vc_btn-gradient-btn-69f51b5c31521\" a href=\"https:\/\/www.dureuil-janthial.fr\/en\/bonjour-tout-le-monde\/\" title=\"Lire la suite\">Lire la suite<\/a><\/div><\/div><\/div><\/div><\/div><\/div><div class=\"vc_clearfix\"><\/div><\/div><div class=\"vc_grid-item vc_clearfix vc_col-sm-4 vc_grid-item-zone-c-bottom\"><div class=\"vc_grid-item-mini vc_clearfix\"><div class=\"vc_gitem-animated-block\" ><div class=\"vc_gitem-zone vc_gitem-zone-a vc-gitem-zone-height-mode-auto vc-gitem-zone-height-mode-auto-1-1 vc_gitem-is-link\" style=\"background-image: url('https:\/\/www.dureuil-janthial.fr\/wp-content\/uploads\/2018\/12\/le_guide_des_meilleurs_vins_de_france_la_rvevue_du_vin_de_france_2018_domaine_dureuil_janthial.jpg') !important;\"><a href=\"https:\/\/www.dureuil-janthial.fr\/en\/le-guide-des-meilleurs-vins-de-france-la-revue-du-vin-de-france-2018\/\" title=\"Le guide des meilleurs vins de France, La Revue du Vin de France, 2018\" class=\"vc_gitem-link vc-zone-link\" ><\/a><img decoding=\"async\" class=\"vc_gitem-zone-img\" src=\"https:\/\/www.dureuil-janthial.fr\/wp-content\/uploads\/2018\/12\/le_guide_des_meilleurs_vins_de_france_la_rvevue_du_vin_de_france_2018_domaine_dureuil_janthial.jpg\" alt=\"Le guide des meilleurs vins de France, La Revue du Vin de France, 2018\" loading=\"lazy\"><div class=\"vc_gitem-zone-mini\"><\/div><\/div><\/div><div class=\"vc_gitem-zone vc_gitem-zone-c vc_custom_1619529505768\"><div class=\"vc_gitem-zone-mini\"><div class=\"vc_gitem_row vc_row vc_gitem-row-position-top\"><div class=\"vc_col-sm-12 vc_gitem-col vc_gitem-col-align-\"><div class=\"vc_empty_space\"   style=\"height: 10px\"><span class=\"vc_empty_space_inner\"><\/span><\/div><div class=\"vc_custom_heading vc_gitem-post-data vc_gitem-post-data-source-post_title\" ><h4 style=\"text-align: left\" >Le guide des meilleurs vins de France, La Revue du Vin de France, 2018<\/h4><\/div><div class=\"vc_custom_heading vc_gitem-post-data vc_gitem-post-data-source-post_excerpt\" ><p style=\"text-align: left\" ><p>C\u00e9line et Vincent Dureuil ont repris, en 1994, le domaine familial. Vincent fait partie de cette g\u00e9n\u00e9ration de vignerons bourguignons visionnaires et talentueux. Les dur\u00e9es d\u2019\u00e9levage ont \u00e9t\u00e9 rallong\u00e9es, la proportion de bois neuf a \u00e9t\u00e9 r\u00e9duite. LA gamme des vins se montre homog\u00e8ne et maintient un tr\u00e8s haut niveau. Le domaine n\u2019est pas fix\u00e9 [&hellip;]<\/p>\n<\/p><\/div><style>.vc_btn3-style-gradient-custom.vc_btn-gradient-btn-69f51b5c3185f:hover{color: #ffffff;background-color: #f7a028;border: none;background-position: 100% 0;}<\/style><style>.vc_btn3-style-gradient-custom.vc_btn-gradient-btn-69f51b5c3185f{color: #ffffff;border: none;background-color: #f7a028;background-image: -webkit-linear-gradient(left, #f7a028 0%, #f7a028 50%,#f7a028 100%);background-image: linear-gradient(to right, #f7a028 0%, #f7a028 50%,#f7a028 100%);-webkit-transition: all .2s ease-in-out;transition: all .2s ease-in-out;background-size: 200% 100%;}<\/style><div class=\"vc_btn3-container vc_btn3-left\"><a data-vc-gradient-1=\"#f7a028\" data-vc-gradient-2=\"#f7a028\" class=\"vc_general vc_btn3 vc_btn3-size-xs vc_btn3-shape-square vc_btn3-style-gradient-custom vc_btn-gradient-btn-69f51b5c3185f\" a href=\"https:\/\/www.dureuil-janthial.fr\/en\/le-guide-des-meilleurs-vins-de-france-la-revue-du-vin-de-france-2018\/\" title=\"Lire la suite\">Lire la suite<\/a><\/div><\/div><\/div><\/div><\/div><\/div><div class=\"vc_clearfix\"><\/div><\/div><div class=\"vc_grid-item vc_clearfix vc_col-sm-4 vc_grid-item-zone-c-bottom\"><div class=\"vc_grid-item-mini vc_clearfix\"><div class=\"vc_gitem-animated-block\" ><div class=\"vc_gitem-zone vc_gitem-zone-a vc-gitem-zone-height-mode-auto vc-gitem-zone-height-mode-auto-1-1 vc_gitem-is-link\" style=\"background-image: url('https:\/\/www.dureuil-janthial.fr\/wp-content\/uploads\/2018\/11\/bettane_et_desseauve_2018_domaine_dureuil_janthial.jpg') !important;\"><a href=\"https:\/\/www.dureuil-janthial.fr\/en\/le-guide-des-vins-bettane-desseauve-2018\/\" title=\"Le guide des vins Bettane + Desseauve, 2018\" class=\"vc_gitem-link vc-zone-link\" ><\/a><img decoding=\"async\" class=\"vc_gitem-zone-img\" src=\"https:\/\/www.dureuil-janthial.fr\/wp-content\/uploads\/2018\/11\/bettane_et_desseauve_2018_domaine_dureuil_janthial.jpg\" alt=\"Le guide des vins Bettane + Desseauve, 2018\" loading=\"lazy\"><div class=\"vc_gitem-zone-mini\"><\/div><\/div><\/div><div class=\"vc_gitem-zone vc_gitem-zone-c vc_custom_1619529505768\"><div class=\"vc_gitem-zone-mini\"><div class=\"vc_gitem_row vc_row vc_gitem-row-position-top\"><div class=\"vc_col-sm-12 vc_gitem-col vc_gitem-col-align-\"><div class=\"vc_empty_space\"   style=\"height: 10px\"><span class=\"vc_empty_space_inner\"><\/span><\/div><div class=\"vc_custom_heading vc_gitem-post-data vc_gitem-post-data-source-post_title\" ><h4 style=\"text-align: left\" >Le guide des vins Bettane + Desseauve, 2018<\/h4><\/div><div class=\"vc_custom_heading vc_gitem-post-data vc_gitem-post-data-source-post_excerpt\" ><p style=\"text-align: left\" ><p>Vincent Dureuil est LA r\u00e9f\u00e9rence de l\u2019appellation Rully, il m\u00e8ne remarquablement, aid\u00e9 de son \u00e9pouse, avec beaucoup de modestie et de rigueur ce domaine de 17 hectares. Ce sont plus de 20 cuv\u00e9es qui se d\u00e9clinent principalement entre Rully, Puligny et Nuits-Saint-Georges. Il fait partie de cette jeune g\u00e9n\u00e9ration de vignerons souhaitant transmettre un vignoble [&hellip;]<\/p>\n<\/p><\/div><style>.vc_btn3-style-gradient-custom.vc_btn-gradient-btn-69f51b5c31b5b:hover{color: #ffffff;background-color: #f7a028;border: none;background-position: 100% 0;}<\/style><style>.vc_btn3-style-gradient-custom.vc_btn-gradient-btn-69f51b5c31b5b{color: #ffffff;border: none;background-color: #f7a028;background-image: -webkit-linear-gradient(left, #f7a028 0%, #f7a028 50%,#f7a028 100%);background-image: linear-gradient(to right, #f7a028 0%, #f7a028 50%,#f7a028 100%);-webkit-transition: all .2s ease-in-out;transition: all .2s ease-in-out;background-size: 200% 100%;}<\/style><div class=\"vc_btn3-container vc_btn3-left\"><a data-vc-gradient-1=\"#f7a028\" data-vc-gradient-2=\"#f7a028\" class=\"vc_general vc_btn3 vc_btn3-size-xs vc_btn3-shape-square vc_btn3-style-gradient-custom vc_btn-gradient-btn-69f51b5c31b5b\" a href=\"https:\/\/www.dureuil-janthial.fr\/en\/le-guide-des-vins-bettane-desseauve-2018\/\" title=\"Lire la suite\">Lire la suite<\/a><\/div><\/div><\/div><\/div><\/div><\/div><div class=\"vc_clearfix\"><\/div><\/div><div class=\"vc_grid-item vc_clearfix vc_col-sm-4 vc_grid-item-zone-c-bottom\"><div class=\"vc_grid-item-mini vc_clearfix\"><div class=\"vc_gitem-animated-block\" ><div class=\"vc_gitem-zone vc_gitem-zone-a vc-gitem-zone-height-mode-auto vc-gitem-zone-height-mode-auto-1-1 vc_gitem-is-link\" style=\"background-image: url('https:\/\/www.dureuil-janthial.fr\/wp-content\/uploads\/2018\/07\/la_revue_du_vin_de_france_n_583_aout_2014_domaine_dureuil_janthial.jpg') !important;\"><a href=\"https:\/\/www.dureuil-janthial.fr\/en\/la-revue-du-vin-de-france-n583-juillet-aout-2014\/\" title=\"La Revue du Vin de France, N\u00b0583, juillet\/aout 2014\" class=\"vc_gitem-link vc-zone-link\" ><\/a><img decoding=\"async\" class=\"vc_gitem-zone-img\" src=\"https:\/\/www.dureuil-janthial.fr\/wp-content\/uploads\/2018\/07\/la_revue_du_vin_de_france_n_583_aout_2014_domaine_dureuil_janthial.jpg\" alt=\"La Revue du Vin de France, N\u00b0583, juillet\/aout 2014\" loading=\"lazy\"><div class=\"vc_gitem-zone-mini\"><\/div><\/div><\/div><div class=\"vc_gitem-zone vc_gitem-zone-c vc_custom_1619529505768\"><div class=\"vc_gitem-zone-mini\"><div class=\"vc_gitem_row vc_row vc_gitem-row-position-top\"><div class=\"vc_col-sm-12 vc_gitem-col vc_gitem-col-align-\"><div class=\"vc_empty_space\"   style=\"height: 10px\"><span class=\"vc_empty_space_inner\"><\/span><\/div><div class=\"vc_custom_heading vc_gitem-post-data vc_gitem-post-data-source-post_title\" ><h4 style=\"text-align: left\" >La Revue du Vin de France, N\u00b0583, juillet\/aout 2014<\/h4><\/div><div class=\"vc_custom_heading vc_gitem-post-data vc_gitem-post-data-source-post_excerpt\" ><p style=\"text-align: left\" ><p>Chardonnays de bourgogne, la d\u00e9gustation qui brise les id\u00e9es re\u00e7ues\u2026 Rully 1er cru Le Meix Cadot :\u00a0Un rully aux aires de grands vin de la c\u00f4te de Beaune. 2011 :\u00a0Olivier Poels, membre du comit\u00e9 de d\u00e9gustation de la Revue du vin de France pointe la race de ce vin, issu d\u2019un beau terroir. Tr\u00e8s coh\u00e9rent [&hellip;]<\/p>\n<\/p><\/div><style>.vc_btn3-style-gradient-custom.vc_btn-gradient-btn-69f51b5c31e93:hover{color: #ffffff;background-color: #f7a028;border: none;background-position: 100% 0;}<\/style><style>.vc_btn3-style-gradient-custom.vc_btn-gradient-btn-69f51b5c31e93{color: #ffffff;border: none;background-color: #f7a028;background-image: -webkit-linear-gradient(left, #f7a028 0%, #f7a028 50%,#f7a028 100%);background-image: linear-gradient(to right, #f7a028 0%, #f7a028 50%,#f7a028 100%);-webkit-transition: all .2s ease-in-out;transition: all .2s ease-in-out;background-size: 200% 100%;}<\/style><div class=\"vc_btn3-container vc_btn3-left\"><a data-vc-gradient-1=\"#f7a028\" data-vc-gradient-2=\"#f7a028\" class=\"vc_general vc_btn3 vc_btn3-size-xs vc_btn3-shape-square vc_btn3-style-gradient-custom vc_btn-gradient-btn-69f51b5c31e93\" a href=\"https:\/\/www.dureuil-janthial.fr\/en\/la-revue-du-vin-de-france-n583-juillet-aout-2014\/\" title=\"Lire la suite\">Lire la suite<\/a><\/div><\/div><\/div><\/div><\/div><\/div><div class=\"vc_clearfix\"><\/div><\/div><div class=\"vc_grid-item vc_clearfix vc_col-sm-4 vc_grid-item-zone-c-bottom\"><div class=\"vc_grid-item-mini vc_clearfix\"><div class=\"vc_gitem-animated-block\" ><div class=\"vc_gitem-zone vc_gitem-zone-a vc-gitem-zone-height-mode-auto vc-gitem-zone-height-mode-auto-1-1 vc_gitem-is-link\" style=\"background-image: url('https:\/\/www.dureuil-janthial.fr\/wp-content\/uploads\/2018\/11\/bourgogne_aujourd_hui_n_115_janvier_2014_domaine_dureuil_janthial-pdf.jpg') !important;\"><a href=\"https:\/\/www.dureuil-janthial.fr\/en\/bourgogne-aujourdhui-n115-janvier-2014\/\" title=\"Bourgogne Aujourd\u2019hui, N\u00b0115, janvier 2014\" class=\"vc_gitem-link vc-zone-link\" ><\/a><img decoding=\"async\" class=\"vc_gitem-zone-img\" src=\"https:\/\/www.dureuil-janthial.fr\/wp-content\/uploads\/2018\/11\/bourgogne_aujourd_hui_n_115_janvier_2014_domaine_dureuil_janthial-pdf.jpg\" alt=\"Bourgogne Aujourd\u2019hui, N\u00b0115, janvier 2014\" loading=\"lazy\"><div class=\"vc_gitem-zone-mini\"><\/div><\/div><\/div><div class=\"vc_gitem-zone vc_gitem-zone-c vc_custom_1619529505768\"><div class=\"vc_gitem-zone-mini\"><div class=\"vc_gitem_row vc_row vc_gitem-row-position-top\"><div class=\"vc_col-sm-12 vc_gitem-col vc_gitem-col-align-\"><div class=\"vc_empty_space\"   style=\"height: 10px\"><span class=\"vc_empty_space_inner\"><\/span><\/div><div class=\"vc_custom_heading vc_gitem-post-data vc_gitem-post-data-source-post_title\" ><h4 style=\"text-align: left\" >Bourgogne Aujourd\u2019hui, N\u00b0115, janvier 2014<\/h4><\/div><div class=\"vc_custom_heading vc_gitem-post-data vc_gitem-post-data-source-post_excerpt\" ><p style=\"text-align: left\" ><p>En t\u00eate de liste des vignerons incarnant le renouveau de la C\u00f4te Chalonnaise, Bruno Lorenzon et Vincent Dureuil-Janthial sont exemplaires. Rien n\u2019\u00e9tait pourtant \u00e9crit d\u2019avance pour eux. Leurs vins figurent aujourd\u2019hui parmi ce que la Bourgogne sait faire de mieux. L\u2019ann\u00e9e \u00e9coul\u00e9e nous l\u2019a largement montr\u00e9 et confirm\u00e9\u2026 &gt; Lire l\u2019article<\/p>\n<\/p><\/div><style>.vc_btn3-style-gradient-custom.vc_btn-gradient-btn-69f51b5c321ba:hover{color: #ffffff;background-color: #f7a028;border: none;background-position: 100% 0;}<\/style><style>.vc_btn3-style-gradient-custom.vc_btn-gradient-btn-69f51b5c321ba{color: #ffffff;border: none;background-color: #f7a028;background-image: -webkit-linear-gradient(left, #f7a028 0%, #f7a028 50%,#f7a028 100%);background-image: linear-gradient(to right, #f7a028 0%, #f7a028 50%,#f7a028 100%);-webkit-transition: all .2s ease-in-out;transition: all .2s ease-in-out;background-size: 200% 100%;}<\/style><div class=\"vc_btn3-container vc_btn3-left\"><a data-vc-gradient-1=\"#f7a028\" data-vc-gradient-2=\"#f7a028\" class=\"vc_general vc_btn3 vc_btn3-size-xs vc_btn3-shape-square vc_btn3-style-gradient-custom vc_btn-gradient-btn-69f51b5c321ba\" a href=\"https:\/\/www.dureuil-janthial.fr\/en\/bourgogne-aujourdhui-n115-janvier-2014\/\" title=\"Lire la suite\">Lire la suite<\/a><\/div><\/div><\/div><\/div><\/div><\/div><div class=\"vc_clearfix\"><\/div><\/div><\/div><\/div>\n\t<\/div>\n<\/div><\/div><\/div><\/div><\/div>\n<\/div>"},"excerpt":{"rendered":"Le guide des vins Bettane + Desseauve, 20244 \u00e9toiles **** Vincent Dureuil est la r\u00e9f\u00e9rence supr\u00eame de l\u2019appellation rully et de la c\u00f4te chalonnaise. Avec son \u00e9pouse et beaucoup de modestie et de rigueur, il m\u00e8ne remarquablement et minutieusement son vignoble de 20 hectares qui d\u00e9cline 23 cuv\u00e9es r\u00e9parties principalement sur Rully mais \u00e9galement sur [...]","protected":false},"author":1,"featured_media":0,"parent":0,"menu_order":0,"comment_status":"closed","ping_status":"closed","template":"","meta":{"footnotes":""},"class_list":["post-384","page","type-page","status-publish","hentry"],"yoast_head":"<!-- This site is optimized with the Yoast SEO plugin v26.7 - https:\/\/yoast.com\/wordpress\/plugins\/seo\/ -->\n<title>M\u00e9dias - Dureuil Janthial<\/title>\n<meta name=\"robots\" content=\"index, follow, max-snippet:-1, max-image-preview:large, max-video-preview:-1\" \/>\n<link rel=\"canonical\" href=\"https:\/\/www.dureuil-janthial.fr\/en\/medias\/\" \/>\n<meta property=\"og:locale\" content=\"en_GB\" \/>\n<meta property=\"og:type\" content=\"article\" \/>\n<meta property=\"og:title\" content=\"M\u00e9dias - Dureuil Janthial\" \/>\n<meta property=\"og:url\" content=\"https:\/\/www.dureuil-janthial.fr\/en\/medias\/\" \/>\n<meta property=\"og:site_name\" content=\"Dureuil Janthial\" \/>\n<meta property=\"article:modified_time\" content=\"2024-03-22T16:09:24+00:00\" \/>\n<meta name=\"twitter:card\" content=\"summary_large_image\" \/>\n<!-- \/ Yoast SEO plugin. -->","yoast_head_json":{"title":"M\u00e9dias - Dureuil Janthial","robots":{"index":"index","follow":"follow","max-snippet":"max-snippet:-1","max-image-preview":"max-image-preview:large","max-video-preview":"max-video-preview:-1"},"canonical":"https:\/\/www.dureuil-janthial.fr\/en\/medias\/","og_locale":"en_GB","og_type":"article","og_title":"M\u00e9dias - Dureuil Janthial","og_url":"https:\/\/www.dureuil-janthial.fr\/en\/medias\/","og_site_name":"Dureuil Janthial","article_modified_time":"2024-03-22T16:09:24+00:00","twitter_card":"summary_large_image","schema":{"@context":"https:\/\/schema.org","@graph":[{"@type":"WebPage","@id":"https:\/\/www.dureuil-janthial.fr\/medias\/","url":"https:\/\/www.dureuil-janthial.fr\/medias\/","name":"M\u00e9dias - Dureuil Janthial","isPartOf":{"@id":"https:\/\/www.dureuil-janthial.fr\/#website"},"datePublished":"2021-04-27T13:14:46+00:00","dateModified":"2024-03-22T16:09:24+00:00","breadcrumb":{"@id":"https:\/\/www.dureuil-janthial.fr\/medias\/#breadcrumb"},"inLanguage":"en-GB","potentialAction":[{"@type":"ReadAction","target":["https:\/\/www.dureuil-janthial.fr\/medias\/"]}]},{"@type":"BreadcrumbList","@id":"https:\/\/www.dureuil-janthial.fr\/medias\/#breadcrumb","itemListElement":[{"@type":"ListItem","position":1,"name":"Home","item":"https:\/\/www.dureuil-janthial.fr\/"},{"@type":"ListItem","position":2,"name":"M\u00e9dias"}]},{"@type":"WebSite","@id":"https:\/\/www.dureuil-janthial.fr\/#website","url":"https:\/\/www.dureuil-janthial.fr\/","name":"Dureuil Janthial","description":"Grands vins de Bourgogne","inLanguage":"en-GB"}]}},"_links":{"self":[{"href":"https:\/\/www.dureuil-janthial.fr\/en\/wp-json\/wp\/v2\/pages\/384","targetHints":{"allow":["GET"]}}],"collection":[{"href":"https:\/\/www.dureuil-janthial.fr\/en\/wp-json\/wp\/v2\/pages"}],"about":[{"href":"https:\/\/www.dureuil-janthial.fr\/en\/wp-json\/wp\/v2\/types\/page"}],"author":[{"embeddable":true,"href":"https:\/\/www.dureuil-janthial.fr\/en\/wp-json\/wp\/v2\/users\/1"}],"replies":[{"embeddable":true,"href":"https:\/\/www.dureuil-janthial.fr\/en\/wp-json\/wp\/v2\/comments?post=384"}],"version-history":[{"count":4,"href":"https:\/\/www.dureuil-janthial.fr\/en\/wp-json\/wp\/v2\/pages\/384\/revisions"}],"predecessor-version":[{"id":453,"href":"https:\/\/www.dureuil-janthial.fr\/en\/wp-json\/wp\/v2\/pages\/384\/revisions\/453"}],"wp:attachment":[{"href":"https:\/\/www.dureuil-janthial.fr\/en\/wp-json\/wp\/v2\/media?parent=384"}],"curies":[{"name":"wp","href":"https:\/\/api.w.org\/{rel}","templated":true}]}}